{"id":26623,"date":"2026-01-16T09:24:24","date_gmt":"2026-01-16T08:24:24","guid":{"rendered":"https:\/\/www.musicaenaccion.com\/?post_type=tribe_events&#038;p=26623"},"modified":"2026-01-16T09:24:24","modified_gmt":"2026-01-16T08:24:24","slug":"teatro-familiar-el-caso-del-violin-dorado","status":"publish","type":"tribe_events","link":"https:\/\/www.musicaenaccion.com\/en\/eventos\/teatro-familiar-el-caso-del-violin-dorado\/","title":{"rendered":"TEATRO FAMILIAR: EL CASO DEL VIOL\u00cdN DORADO"},"content":{"rendered":"<div id=\"cmsmasters_row_\" class=\"cmsmasters_row cmsmasters_color_scheme_default cmsmasters_row_top_default cmsmasters_row_bot_default cmsmasters_row_boxed\">\n<div class=\"cmsmasters_row_outer_parent\">\n<div class=\"cmsmasters_row_outer\">\n<div class=\"cmsmasters_row_inner\">\n<div class=\"cmsmasters_row_margin\">\n<div id=\"cmsmasters_column_\" class=\"cmsmasters_column one_first\">\n<div class=\"cmsmasters_column_inner\"><div class=\"cmsmasters_text\">\n<div class=\"nBzcnc OcVpRe\">\n<div id=\"xDetDlgDesc\" class=\"toUqff S4zwaf\">\n<div class=\"nBzcnc OjZ2cc OcVpRe Q7NH3 N1DhNb\">\n<div id=\"xDetDlgWhen\" class=\"toUqff \">\n<div class=\"JEx5le bgOWSb\">\n<h2><b>Teatro Familiar: El caso del viol\u00edn dorado<\/b><\/h2>\n<p>El valios\u00edsimo Stradivarius Dorado ha sido robado de un museo &#8230; y s\u00f3lo alguien ser\u00e1 capaz de encontrarlo : El mejor peor detective del mundo, Narumi.<\/p>\n<p>Acompa\u00f1a a \u00e9ste torpe detective en \u00e9ste enrevesado caso, lleno de intriga, misterio y m\u00fasica, en la que&#8230; \u00a1Vosotros sois los sospechosos!.<\/p>\n<p>Participa en \u00e9sta divertida comedia para toda la familia mientras os convert\u00eds en personajes de la ficci\u00f3n.<\/p>\n<p><b>Antes de aceptar la compra revise bien que las entradas corresponden a la actividad que desea. No se admitir\u00e1n cambios ni devoluciones.<\/b><\/p>\n<p><b>Before accepting the purchase, please check that the tickets correspond to the activity you want. No exchanges or refunds will be accepted.<\/b><\/p>\n<\/div>\n<\/div>\n<\/div>\n<\/div>\n<\/div>\n<\/div>\n<\/div><\/div>\n<\/div>\n<\/div>\n<\/div>\n<\/div>\n<\/div>\n<div id=\"cmsmasters_row_mbt03a20wc\" class=\"cmsmasters_row cmsmasters_color_scheme_default cmsmasters_row_top_default cmsmasters_row_bot_default cmsmasters_row_boxed\">\n<div class=\"cmsmasters_row_outer_parent\">\n<div class=\"cmsmasters_row_outer\">\n<div class=\"cmsmasters_row_inner\">\n<div class=\"cmsmasters_row_margin\">\n<div id=\"cmsmasters_column_q7zp52m6q\" class=\"cmsmasters_column one_first\">\n<div class=\"cmsmasters_column_inner\"><div id=\"cmsmasters_button_gnjzpn41g\" class=\"button_wrap\"><a href=\"https:\/\/entradium.com\/events\/teatro-familiar-el-caso-del-violin-dorado\" class=\"cmsmasters_button cmsmasters_but_clear_styles cmsmasters_but_icon_dark_bg cmsmasters-icon-custom-ticket\" target=\"_blank\"><span>Comprar entradas<\/span><\/a><\/div>\n<\/div><\/div>\n<\/div>\n<\/div>\n<\/div>\n<\/div>\n<\/div>\n\n","protected":false},"excerpt":{"rendered":"<p>Actividad familiar<br \/>\n<a href=\"https:\/\/entradium.com\/events\/teatro-familiar-el-caso-del-violin-dorado\" target=\"\u201d\u201d_blank\u201d\u201d\" rel=\"noopener\">COMPRAR ENTRADAS<\/a><\/p>\n","protected":false},"author":4,"featured_media":26624,"comment_status":"closed","ping_status":"closed","template":"","meta":{"_tribe_events_status":"","_tribe_events_status_reason":"","footnotes":""},"tags":[],"tribe_events_cat":[48],"class_list":["post-26623","tribe_events","type-tribe_events","status-publish","has-post-thumbnail","hentry","tribe_events_cat-cuentacuentos","cat_cuentacuentos"],"yoast_head":"<!-- This site is optimized with the Yoast SEO plugin v27.4 - https:\/\/yoast.com\/product\/yoast-seo-wordpress\/ -->\n<title>TEATRO FAMILIAR: EL CASO DEL VIOL\u00cdN DORADO | Museo Interactivo de la M\u00fasica<\/title>\n<meta name=\"robots\" content=\"index, follow, max-snippet:-1, max-image-preview:large, max-video-preview:-1\" \/>\n<link rel=\"canonical\" href=\"https:\/\/www.musicaenaccion.com\/eventos\/teatro-familiar-el-caso-del-violin-dorado\/\" \/>\n<meta property=\"og:locale\" content=\"en_US\" \/>\n<meta property=\"og:type\" content=\"article\" \/>\n<meta property=\"og:title\" content=\"TEATRO FAMILIAR: EL CASO DEL VIOL\u00cdN DORADO | Museo Interactivo de la M\u00fasica\" \/>\n<meta property=\"og:description\" content=\"Actividad familiar COMPRAR ENTRADAS\" \/>\n<meta property=\"og:url\" content=\"https:\/\/www.musicaenaccion.com\/eventos\/teatro-familiar-el-caso-del-violin-dorado\/\" \/>\n<meta property=\"og:site_name\" content=\"Museo Interactivo de la M\u00fasica\" \/>\n<meta property=\"article:publisher\" content=\"https:\/\/www.facebook.com\/MuseoMIMMA\/?epa=SEARCH_BOX\" \/>\n<meta property=\"og:image\" content=\"https:\/\/www.musicaenaccion.com\/wp-content\/uploads\/2026\/01\/El-Caso-del-Violin-Dorado.jpg\" \/>\n\t<meta property=\"og:image:width\" content=\"1241\" \/>\n\t<meta property=\"og:image:height\" content=\"2206\" \/>\n\t<meta property=\"og:image:type\" content=\"image\/jpeg\" \/>\n<meta name=\"twitter:card\" content=\"summary_large_image\" \/>\n<meta name=\"twitter:label1\" content=\"Est. reading time\" \/>\n\t<meta name=\"twitter:data1\" content=\"1 minute\" \/>\n<script type=\"application\/ld+json\" class=\"yoast-schema-graph\">{\"@context\":\"https:\\\/\\\/schema.org\",\"@graph\":[{\"@type\":\"WebPage\",\"@id\":\"https:\\\/\\\/www.musicaenaccion.com\\\/eventos\\\/teatro-familiar-el-caso-del-violin-dorado\\\/\",\"url\":\"https:\\\/\\\/www.musicaenaccion.com\\\/eventos\\\/teatro-familiar-el-caso-del-violin-dorado\\\/\",\"name\":\"TEATRO FAMILIAR: EL CASO DEL VIOL\u00cdN DORADO | Museo Interactivo de la M\u00fasica\",\"isPartOf\":{\"@id\":\"https:\\\/\\\/www.musicaenaccion.com\\\/#website\"},\"primaryImageOfPage\":{\"@id\":\"https:\\\/\\\/www.musicaenaccion.com\\\/eventos\\\/teatro-familiar-el-caso-del-violin-dorado\\\/#primaryimage\"},\"image\":{\"@id\":\"https:\\\/\\\/www.musicaenaccion.com\\\/eventos\\\/teatro-familiar-el-caso-del-violin-dorado\\\/#primaryimage\"},\"thumbnailUrl\":\"https:\\\/\\\/www.musicaenaccion.com\\\/wp-content\\\/uploads\\\/2026\\\/01\\\/El-Caso-del-Violin-Dorado.jpg\",\"datePublished\":\"2026-01-16T08:24:24+00:00\",\"breadcrumb\":{\"@id\":\"https:\\\/\\\/www.musicaenaccion.com\\\/eventos\\\/teatro-familiar-el-caso-del-violin-dorado\\\/#breadcrumb\"},\"inLanguage\":\"en-US\",\"potentialAction\":[{\"@type\":\"ReadAction\",\"target\":[\"https:\\\/\\\/www.musicaenaccion.com\\\/eventos\\\/teatro-familiar-el-caso-del-violin-dorado\\\/\"]}]},{\"@type\":\"ImageObject\",\"inLanguage\":\"en-US\",\"@id\":\"https:\\\/\\\/www.musicaenaccion.com\\\/eventos\\\/teatro-familiar-el-caso-del-violin-dorado\\\/#primaryimage\",\"url\":\"https:\\\/\\\/www.musicaenaccion.com\\\/wp-content\\\/uploads\\\/2026\\\/01\\\/El-Caso-del-Violin-Dorado.jpg\",\"contentUrl\":\"https:\\\/\\\/www.musicaenaccion.com\\\/wp-content\\\/uploads\\\/2026\\\/01\\\/El-Caso-del-Violin-Dorado.jpg\",\"width\":1241,\"height\":2206},{\"@type\":\"BreadcrumbList\",\"@id\":\"https:\\\/\\\/www.musicaenaccion.com\\\/eventos\\\/teatro-familiar-el-caso-del-violin-dorado\\\/#breadcrumb\",\"itemListElement\":[{\"@type\":\"ListItem\",\"position\":1,\"name\":\"Portada\",\"item\":\"https:\\\/\\\/www.musicaenaccion.com\\\/en\\\/\"},{\"@type\":\"ListItem\",\"position\":2,\"name\":\"Eventos\",\"item\":\"https:\\\/\\\/www.musicaenaccion.com\\\/eventos\\\/\"},{\"@type\":\"ListItem\",\"position\":3,\"name\":\"TEATRO FAMILIAR: EL CASO DEL VIOL\u00cdN DORADO\"}]},{\"@type\":\"WebSite\",\"@id\":\"https:\\\/\\\/www.musicaenaccion.com\\\/#website\",\"url\":\"https:\\\/\\\/www.musicaenaccion.com\\\/\",\"name\":\"Museo Interactivo de la M\u00fasica\",\"description\":\"Se Ruega Tocar\",\"publisher\":{\"@id\":\"https:\\\/\\\/www.musicaenaccion.com\\\/#organization\"},\"potentialAction\":[{\"@type\":\"SearchAction\",\"target\":{\"@type\":\"EntryPoint\",\"urlTemplate\":\"https:\\\/\\\/www.musicaenaccion.com\\\/?s={search_term_string}\"},\"query-input\":{\"@type\":\"PropertyValueSpecification\",\"valueRequired\":true,\"valueName\":\"search_term_string\"}}],\"inLanguage\":\"en-US\"},{\"@type\":\"Organization\",\"@id\":\"https:\\\/\\\/www.musicaenaccion.com\\\/#organization\",\"name\":\"Museo Interactivo de la M\u00fasica M\u00e1laga\",\"url\":\"https:\\\/\\\/www.musicaenaccion.com\\\/\",\"logo\":{\"@type\":\"ImageObject\",\"inLanguage\":\"en-US\",\"@id\":\"https:\\\/\\\/www.musicaenaccion.com\\\/#\\\/schema\\\/logo\\\/image\\\/\",\"url\":\"https:\\\/\\\/www.musicaenaccion.com\\\/wp-content\\\/uploads\\\/2019\\\/01\\\/cabecera-blanco.jpg\",\"contentUrl\":\"https:\\\/\\\/www.musicaenaccion.com\\\/wp-content\\\/uploads\\\/2019\\\/01\\\/cabecera-blanco.jpg\",\"width\":1920,\"height\":1080,\"caption\":\"Museo Interactivo de la M\u00fasica M\u00e1laga\"},\"image\":{\"@id\":\"https:\\\/\\\/www.musicaenaccion.com\\\/#\\\/schema\\\/logo\\\/image\\\/\"},\"sameAs\":[\"https:\\\/\\\/www.facebook.com\\\/MuseoMIMMA\\\/?epa=SEARCH_BOX\",\"https:\\\/\\\/www.instagram.com\\\/mimmamuseo\\\/\",\"https:\\\/\\\/www.linkedin.com\\\/in\\\/museointeractivodelamusica\\\/\",\"https:\\\/\\\/www.pinterest.es\\\/mimmamuseo\\\/\",\"https:\\\/\\\/www.youtube.com\\\/user\\\/musicaenaccion\"]}]}<\/script>\n<!-- \/ Yoast SEO plugin. -->","yoast_head_json":{"title":"TEATRO FAMILIAR: EL CASO DEL VIOL\u00cdN DORADO | Museo Interactivo de la M\u00fasica","robots":{"index":"index","follow":"follow","max-snippet":"max-snippet:-1","max-image-preview":"max-image-preview:large","max-video-preview":"max-video-preview:-1"},"canonical":"https:\/\/www.musicaenaccion.com\/eventos\/teatro-familiar-el-caso-del-violin-dorado\/","og_locale":"en_US","og_type":"article","og_title":"TEATRO FAMILIAR: EL CASO DEL VIOL\u00cdN DORADO | Museo Interactivo de la M\u00fasica","og_description":"Actividad familiar COMPRAR ENTRADAS","og_url":"https:\/\/www.musicaenaccion.com\/eventos\/teatro-familiar-el-caso-del-violin-dorado\/","og_site_name":"Museo Interactivo de la M\u00fasica","article_publisher":"https:\/\/www.facebook.com\/MuseoMIMMA\/?epa=SEARCH_BOX","og_image":[{"width":1241,"height":2206,"url":"https:\/\/www.musicaenaccion.com\/wp-content\/uploads\/2026\/01\/El-Caso-del-Violin-Dorado.jpg","type":"image\/jpeg"}],"twitter_card":"summary_large_image","twitter_misc":{"Est. reading time":"1 minute"},"schema":{"@context":"https:\/\/schema.org","@graph":[{"@type":"WebPage","@id":"https:\/\/www.musicaenaccion.com\/eventos\/teatro-familiar-el-caso-del-violin-dorado\/","url":"https:\/\/www.musicaenaccion.com\/eventos\/teatro-familiar-el-caso-del-violin-dorado\/","name":"TEATRO FAMILIAR: EL CASO DEL VIOL\u00cdN DORADO | Museo Interactivo de la M\u00fasica","isPartOf":{"@id":"https:\/\/www.musicaenaccion.com\/#website"},"primaryImageOfPage":{"@id":"https:\/\/www.musicaenaccion.com\/eventos\/teatro-familiar-el-caso-del-violin-dorado\/#primaryimage"},"image":{"@id":"https:\/\/www.musicaenaccion.com\/eventos\/teatro-familiar-el-caso-del-violin-dorado\/#primaryimage"},"thumbnailUrl":"https:\/\/www.musicaenaccion.com\/wp-content\/uploads\/2026\/01\/El-Caso-del-Violin-Dorado.jpg","datePublished":"2026-01-16T08:24:24+00:00","breadcrumb":{"@id":"https:\/\/www.musicaenaccion.com\/eventos\/teatro-familiar-el-caso-del-violin-dorado\/#breadcrumb"},"inLanguage":"en-US","potentialAction":[{"@type":"ReadAction","target":["https:\/\/www.musicaenaccion.com\/eventos\/teatro-familiar-el-caso-del-violin-dorado\/"]}]},{"@type":"ImageObject","inLanguage":"en-US","@id":"https:\/\/www.musicaenaccion.com\/eventos\/teatro-familiar-el-caso-del-violin-dorado\/#primaryimage","url":"https:\/\/www.musicaenaccion.com\/wp-content\/uploads\/2026\/01\/El-Caso-del-Violin-Dorado.jpg","contentUrl":"https:\/\/www.musicaenaccion.com\/wp-content\/uploads\/2026\/01\/El-Caso-del-Violin-Dorado.jpg","width":1241,"height":2206},{"@type":"BreadcrumbList","@id":"https:\/\/www.musicaenaccion.com\/eventos\/teatro-familiar-el-caso-del-violin-dorado\/#breadcrumb","itemListElement":[{"@type":"ListItem","position":1,"name":"Portada","item":"https:\/\/www.musicaenaccion.com\/en\/"},{"@type":"ListItem","position":2,"name":"Eventos","item":"https:\/\/www.musicaenaccion.com\/eventos\/"},{"@type":"ListItem","position":3,"name":"TEATRO FAMILIAR: EL CASO DEL VIOL\u00cdN DORADO"}]},{"@type":"WebSite","@id":"https:\/\/www.musicaenaccion.com\/#website","url":"https:\/\/www.musicaenaccion.com\/","name":"Museo Interactivo de la M\u00fasica","description":"Se Ruega Tocar","publisher":{"@id":"https:\/\/www.musicaenaccion.com\/#organization"},"potentialAction":[{"@type":"SearchAction","target":{"@type":"EntryPoint","urlTemplate":"https:\/\/www.musicaenaccion.com\/?s={search_term_string}"},"query-input":{"@type":"PropertyValueSpecification","valueRequired":true,"valueName":"search_term_string"}}],"inLanguage":"en-US"},{"@type":"Organization","@id":"https:\/\/www.musicaenaccion.com\/#organization","name":"Museo Interactivo de la M\u00fasica M\u00e1laga","url":"https:\/\/www.musicaenaccion.com\/","logo":{"@type":"ImageObject","inLanguage":"en-US","@id":"https:\/\/www.musicaenaccion.com\/#\/schema\/logo\/image\/","url":"https:\/\/www.musicaenaccion.com\/wp-content\/uploads\/2019\/01\/cabecera-blanco.jpg","contentUrl":"https:\/\/www.musicaenaccion.com\/wp-content\/uploads\/2019\/01\/cabecera-blanco.jpg","width":1920,"height":1080,"caption":"Museo Interactivo de la M\u00fasica M\u00e1laga"},"image":{"@id":"https:\/\/www.musicaenaccion.com\/#\/schema\/logo\/image\/"},"sameAs":["https:\/\/www.facebook.com\/MuseoMIMMA\/?epa=SEARCH_BOX","https:\/\/www.instagram.com\/mimmamuseo\/","https:\/\/www.linkedin.com\/in\/museointeractivodelamusica\/","https:\/\/www.pinterest.es\/mimmamuseo\/","https:\/\/www.youtube.com\/user\/musicaenaccion"]}]}},"_links":{"self":[{"href":"https:\/\/www.musicaenaccion.com\/en\/wp-json\/wp\/v2\/tribe_events\/26623","targetHints":{"allow":["GET"]}}],"collection":[{"href":"https:\/\/www.musicaenaccion.com\/en\/wp-json\/wp\/v2\/tribe_events"}],"about":[{"href":"https:\/\/www.musicaenaccion.com\/en\/wp-json\/wp\/v2\/types\/tribe_events"}],"author":[{"embeddable":true,"href":"https:\/\/www.musicaenaccion.com\/en\/wp-json\/wp\/v2\/users\/4"}],"replies":[{"embeddable":true,"href":"https:\/\/www.musicaenaccion.com\/en\/wp-json\/wp\/v2\/comments?post=26623"}],"version-history":[{"count":1,"href":"https:\/\/www.musicaenaccion.com\/en\/wp-json\/wp\/v2\/tribe_events\/26623\/revisions"}],"predecessor-version":[{"id":26626,"href":"https:\/\/www.musicaenaccion.com\/en\/wp-json\/wp\/v2\/tribe_events\/26623\/revisions\/26626"}],"wp:featuredmedia":[{"embeddable":true,"href":"https:\/\/www.musicaenaccion.com\/en\/wp-json\/wp\/v2\/media\/26624"}],"wp:attachment":[{"href":"https:\/\/www.musicaenaccion.com\/en\/wp-json\/wp\/v2\/media?parent=26623"}],"wp:term":[{"taxonomy":"post_tag","embeddable":true,"href":"https:\/\/www.musicaenaccion.com\/en\/wp-json\/wp\/v2\/tags?post=26623"},{"taxonomy":"tribe_events_cat","embeddable":true,"href":"https:\/\/www.musicaenaccion.com\/en\/wp-json\/wp\/v2\/tribe_events_cat?post=26623"}],"curies":[{"name":"wp","href":"https:\/\/api.w.org\/{rel}","templated":true}]}}