{"id":26736,"date":"2026-02-03T11:29:21","date_gmt":"2026-02-03T10:29:21","guid":{"rendered":"https:\/\/www.musicaenaccion.com\/?post_type=project&#038;p=26736"},"modified":"2026-04-30T12:28:20","modified_gmt":"2026-04-30T10:28:20","slug":"music-camp-campamento-de-verano","status":"publish","type":"project","link":"https:\/\/www.musicaenaccion.com\/en\/project\/music-camp-campamento-de-verano\/","title":{"rendered":"&#8220;MUSIC CAMP&#8221; Campamento de verano"},"content":{"rendered":"<div id=\"cmsmasters_row_yqlc921gya\" class=\"cmsmasters_row cmsmasters_color_scheme_default cmsmasters_row_top_default cmsmasters_row_bot_default cmsmasters_row_boxed\">\n<div class=\"cmsmasters_row_outer_parent\">\n<div class=\"cmsmasters_row_outer\">\n<div class=\"cmsmasters_row_inner\">\n<div class=\"cmsmasters_row_margin\">\n<div id=\"cmsmasters_column_abehni79uu\" class=\"cmsmasters_column one_first\">\n<div class=\"cmsmasters_column_inner\"><div class=\"cmsmasters_img  cmsmasters_image_n\"><img decoding=\"async\" src=\"https:\/\/www.musicaenaccion.com\/wp-content\/uploads\/2026\/02\/Music_camp_02.jpg\" \/><\/div>\n<\/div><\/div>\n<\/div>\n<\/div>\n<\/div>\n<\/div>\n<\/div>\n<div id=\"cmsmasters_row_c54rxndsc8\" class=\"cmsmasters_row cmsmasters_color_scheme_default cmsmasters_row_top_default cmsmasters_row_bot_default cmsmasters_row_boxed\">\n<div class=\"cmsmasters_row_outer_parent\">\n<div class=\"cmsmasters_row_outer\">\n<div class=\"cmsmasters_row_inner\">\n<div class=\"cmsmasters_row_margin\">\n<div id=\"cmsmasters_column_2tnq44sn3\" class=\"cmsmasters_column one_first\">\n<div class=\"cmsmasters_column_inner\">\n<div id=\"cmsmasters_divider_e8wojzspgq\" class=\"cmsmasters_divider cmsmasters_divider_width_long cmsmasters_divider_pos_center\"><\/div>\n<div class=\"cmsmasters_text\">\n<p><\/p>\n<\/div>\n<div class=\"cmsmasters_text\">\n<h2 data-start=\"0\" data-end=\"46\"><strong>\u00a1Descubre el Music Camp del MIMMA este verano!<\/strong><\/h2>\n<p data-start=\"48\" data-end=\"152\"><strong>Un campamento donde la m\u00fasica, el juego y la creatividad se unen para vivir una experiencia inolvidable.<\/strong><\/p>\n<p data-start=\"154\" data-end=\"305\"><strong>Durante varios d\u00edas, exploraremos instrumentos, ritmos y sonidos a trav\u00e9s de talleres, din\u00e1micas, juegos musicales y actividades llenas de imaginaci\u00f3n.<\/strong><\/p>\n<p data-start=\"307\" data-end=\"456\"><strong>Ni\u00f1os y ni\u00f1as se convertir\u00e1n en protagonistas de su propia aventura sonora, descubriendo la m\u00fasica de una forma divertida, participativa y diferente.<\/strong><\/p>\n<p data-start=\"458\" data-end=\"527\" data-is-last-node=\"\" data-is-only-node=\"\"><strong>\u00a1Un verano lleno de ritmo, aprendizaje y mucha diversi\u00f3n en el MIMMA!<\/strong><\/p>\n<hr \/>\n<div class=\"flex max-w-full flex-col gap-4 grow\">\n<div class=\"min-h-8 text-message relative flex w-full flex-col items-end gap-2 text-start break-words whitespace-normal outline-none keyboard-focused:focus-ring &#091;.text-message+&amp;&#093;:mt-1\" dir=\"auto\" tabindex=\"0\" data-message-author-role=\"assistant\" data-message-id=\"8e856ece-2e8d-496a-9f3b-5a149ceffa6e\" data-message-model-slug=\"gpt-5-3\" data-turn-start-message=\"true\">\n<div class=\"flex w-full flex-col gap-1 empty:hidden\">\n<div class=\"markdown prose dark:prose-invert w-full wrap-break-word light markdown-new-styling\">\n<h3 data-start=\"0\" data-end=\"31\"><\/h3>\n<h3 data-start=\"0\" data-end=\"31\"><strong data-start=\"0\" data-end=\"31\">MIMMA: \u201cVIAJE POR EL MUNDO\u201d\u00a0 <\/strong><\/h3>\n<p data-start=\"0\" data-end=\"31\"><strong data-start=\"0\" data-end=\"31\">Del 24 al 26 de junio<\/strong><\/p>\n<p data-start=\"33\" data-end=\"161\">Este verano, en el MIMMA, invitamos a los m\u00e1s peque\u00f1os a vivir una aventura inolvidable llena de ritmo, creatividad y diversi\u00f3n.<\/p>\n<p data-start=\"163\" data-end=\"430\">Durante esta experiencia \u00fanica, viajaremos por distintos pa\u00edses y culturas, conociendo sus sonidos, instrumentos y tradiciones. Desde los tambores africanos hasta las melod\u00edas asi\u00e1ticas, pasando por ritmos latinos y europeos, cada d\u00eda ser\u00e1 una nueva aventura musical.<\/p>\n<p data-start=\"432\" data-end=\"503\">\u00a1Prep\u00e1rate para hacer las maletas\u2026 porque la m\u00fasica nos lleva de viaje!<\/p>\n<hr \/>\n<h3 data-start=\"507\" data-end=\"527\"><\/h3>\n<h3 data-start=\"507\" data-end=\"527\"><strong data-start=\"507\" data-end=\"527\">MIMMA: &#8220;CHROM\u00c1TICA&#8221;<\/strong><\/h3>\n<p data-start=\"507\" data-end=\"527\"><strong data-start=\"507\" data-end=\"527\">Del 29 de junio al 3 de julio<\/strong><\/p>\n<p data-start=\"529\" data-end=\"664\">En el MIMMA no solo vemos los colores, \u00a1los vivimos! Cada d\u00eda, una nueva tonalidad, una nueva emoci\u00f3n y una aventura musical diferente.<\/p>\n<p data-start=\"666\" data-end=\"763\">\u00a1Despertaremos el color del museo a trav\u00e9s de la m\u00fasica, el juego y la experimentaci\u00f3n sensorial!<\/p>\n<p data-start=\"765\" data-end=\"1009\">Este verano, el Museo Interactivo de la M\u00fasica M\u00e1laga se transformar\u00e1 en un laboratorio de sensaciones. En MIMMA Chromatica, invitamos a los m\u00e1s peque\u00f1os a una aventura donde la vista y el o\u00eddo se funden en una experiencia creativa inolvidable.<\/p>\n<p data-start=\"1011\" data-end=\"1216\">Cada d\u00eda, el museo se ti\u00f1e de un tono diferente y adaptamos nuestras actividades a su energ\u00eda. \u00a1Es fundamental venir con una prenda del color del d\u00eda para formar parte de la instalaci\u00f3n art\u00edstica viviente!<\/p>\n<hr \/>\n<h3 data-start=\"1220\" data-end=\"1269\"><\/h3>\n<h3 data-start=\"1220\" data-end=\"1269\"><strong data-start=\"1220\" data-end=\"1269\">MIMMA MYSTERY: &#8220;EL ENIGMA DE LA BATUTA PERDIDA&#8221;<\/strong><\/h3>\n<p data-start=\"1220\" data-end=\"1269\"><strong data-start=\"1220\" data-end=\"1269\">Del 6 al 10 de julio\u00a0<\/strong><\/p>\n<p data-start=\"1271\" data-end=\"1442\">\u00a1Atenci\u00f3n, j\u00f3venes detectives! Algo extra\u00f1o est\u00e1 pasando en los pasillos del MIMMA. Las notas se escapan de las partituras y los instrumentos suenan cuando nadie los toca.<\/p>\n<p data-start=\"1444\" data-end=\"1560\">Necesitamos un equipo de investigadores con buen o\u00eddo para resolver el misterio m\u00e1s grande de la historia del museo.<\/p>\n<p data-start=\"1562\" data-end=\"1808\">Este verano, el MIMMA se convierte en un tablero de juego gigante. A trav\u00e9s de pistas musicales, juegos de l\u00f3gica y mucha exploraci\u00f3n, los ni\u00f1os y ni\u00f1as deber\u00e1n descubrir qui\u00e9n, d\u00f3nde y con qu\u00e9 instrumento se planea silenciar la m\u00fasica del museo.<\/p>\n<hr \/>\n<h3 data-start=\"1812\" data-end=\"1846\"><\/h3>\n<h3 data-start=\"1812\" data-end=\"1846\"><strong data-start=\"1812\" data-end=\"1846\">MIMMA: &#8220;EL REINO DE LAS SIETE NOTAS&#8221;<\/strong><\/h3>\n<p data-start=\"1812\" data-end=\"1846\"><strong data-start=\"1812\" data-end=\"1846\">Del 13 al 17 de julio\u00a0<\/strong><\/p>\n<p data-start=\"1848\" data-end=\"1929\">La leyenda dice que la m\u00fasica es la \u00fanica magia que puede amansar a los dragones\u2026<\/p>\n<p data-start=\"1931\" data-end=\"2045\">Este verano, el Palacio de los Condes de las Navas deja de ser un museo para transformarse en un reino legendario.<\/p>\n<p data-start=\"2047\" data-end=\"2284\">Las 7 notas que manten\u00edan la armon\u00eda en el mundo han sido robadas y escondidas en lo m\u00e1s profundo de nuestras mazmorras por el Guardi\u00e1n del Silencio. Solo una nueva generaci\u00f3n de valientes bardos y guerreros musicales podr\u00e1 recuperarlas.<\/p>\n<p data-start=\"2286\" data-end=\"2351\">\u00bfEst\u00e1s preparado para empu\u00f1ar tu instrumento y unirte a la gesta?<\/p>\n<hr \/>\n<h3 data-start=\"2355\" data-end=\"2384\"><\/h3>\n<h3 data-start=\"2355\" data-end=\"2384\"><strong data-start=\"2355\" data-end=\"2384\">MIMMA Y EL ECO DEL OLYMPO<\/strong><\/h3>\n<p data-start=\"2355\" data-end=\"2384\"><strong data-start=\"2355\" data-end=\"2384\">Del 20 al 24 de julio<\/strong><\/p>\n<p data-start=\"2386\" data-end=\"2434\">Los dioses del Olimpo tienen un mensaje para ti\u2026<\/p>\n<p data-start=\"2436\" data-end=\"2570\">Este verano, Zeus, Poseid\u00f3n, Hades, Atenea y Afrodita abren las puertas del MIMMA para convertirte en su h\u00e9roe y mensajero del Olimpo.<\/p>\n<p data-start=\"2572\" data-end=\"2730\">Cada d\u00eda, un dios diferente te guiar\u00e1 en una aventura musical \u00fanica: tocar\u00e1s, crear\u00e1s, experimentar\u00e1s y descubrir\u00e1s que la m\u00fasica tiene el poder de los mitos.<\/p>\n<p data-start=\"2732\" data-end=\"2772\">\u00bfEst\u00e1s listo para o\u00edr el Eco del Olimpo?<\/p>\n<hr \/>\n<h3 data-start=\"2776\" data-end=\"2810\"><\/h3>\n<h3 data-start=\"2776\" data-end=\"2810\"><strong data-start=\"2776\" data-end=\"2810\">MIMMA: \u201cSUPERH\u00c9ROES MUSICALES\u201d <\/strong><\/h3>\n<p data-start=\"2776\" data-end=\"2810\"><strong data-start=\"2776\" data-end=\"2810\">Del 27 al 31 de julio\u00a0<\/strong><\/p>\n<p data-start=\"2812\" data-end=\"2917\">Este verano, en el MIMMA, invitamos a los m\u00e1s peque\u00f1os a convertirse en aut\u00e9nticos h\u00e9roes\u2026 \u00a1de la m\u00fasica!<\/p>\n<p data-start=\"2919\" data-end=\"3042\">Una aventura llena de ritmo, creatividad y diversi\u00f3n, donde cada ni\u00f1o y ni\u00f1a descubrir\u00e1 sus propios superpoderes musicales.<\/p>\n<p data-start=\"3044\" data-end=\"3178\" data-is-last-node=\"\" data-is-only-node=\"\">Cada d\u00eda ser\u00e1 un nuevo reto donde la imaginaci\u00f3n, la m\u00fasica y la cooperaci\u00f3n ser\u00e1n la clave para salvar el mundo\u2026 \u00a1a golpe de melod\u00eda!<\/p>\n<\/div>\n<\/div>\n<\/div>\n<\/div>\n<div class=\"z-0 flex min-h-&#091;46px&#093; justify-start\"><\/div>\n<div class=\"mt-3 w-full empty:hidden\">\n<div class=\"text-center\">\n<div>\n<div class=\"inline-flex border border-gray-100 dark:border-gray-700 rounded-xl\">\n<div class=\"bg-token-main-surface-tertiary w-px flex-1 self-stretch\"><\/div>\n<\/div>\n<\/div>\n<\/div>\n<\/div>\n<p class=\"p1\">INSCRIPCIONES<\/p>\n<p class=\"p1\">campamentomimma@gmail.com<\/p>\n<\/div>\n<\/div><\/div>\n<\/div>\n<\/div>\n<\/div>\n<\/div>\n<\/div>\n\n","protected":false},"excerpt":{"rendered":"","protected":false},"author":1,"featured_media":27111,"menu_order":0,"comment_status":"closed","ping_status":"closed","template":"","format":"standard","meta":{"footnotes":""},"pj-categs":[32],"pj-tags":[],"class_list":["post-26736","project","type-project","status-publish","format-standard","has-post-thumbnail","hentry","pj-categs-actividad"],"yoast_head":"<!-- This site is optimized with the Yoast SEO plugin v27.4 - https:\/\/yoast.com\/product\/yoast-seo-wordpress\/ -->\n<title>&quot;MUSIC CAMP&quot; Campamento de verano | Museo Interactivo de la M\u00fasica<\/title>\n<meta name=\"robots\" content=\"noindex, follow\" \/>\n<meta property=\"og:locale\" content=\"en_US\" \/>\n<meta property=\"og:type\" content=\"article\" \/>\n<meta property=\"og:title\" content=\"&quot;MUSIC CAMP&quot; Campamento de verano | Museo Interactivo de la M\u00fasica\" \/>\n<meta property=\"og:url\" content=\"https:\/\/www.musicaenaccion.com\/project\/music-camp-campamento-de-verano\/\" \/>\n<meta property=\"og:site_name\" content=\"Museo Interactivo de la M\u00fasica\" \/>\n<meta property=\"article:publisher\" content=\"https:\/\/www.facebook.com\/MuseoMIMMA\/?epa=SEARCH_BOX\" \/>\n<meta property=\"article:modified_time\" content=\"2026-04-30T10:28:20+00:00\" \/>\n<meta property=\"og:image\" content=\"https:\/\/www.musicaenaccion.com\/wp-content\/uploads\/2026\/02\/Music_camp_03.jpg\" \/>\n\t<meta property=\"og:image:width\" content=\"1028\" \/>\n\t<meta property=\"og:image:height\" content=\"1083\" \/>\n\t<meta property=\"og:image:type\" content=\"image\/jpeg\" \/>\n<meta name=\"twitter:card\" content=\"summary_large_image\" \/>\n<meta name=\"twitter:label1\" content=\"Est. reading time\" \/>\n\t<meta name=\"twitter:data1\" content=\"4 minutes\" \/>\n<script type=\"application\/ld+json\" class=\"yoast-schema-graph\">{\"@context\":\"https:\\\/\\\/schema.org\",\"@graph\":[{\"@type\":\"WebPage\",\"@id\":\"https:\\\/\\\/www.musicaenaccion.com\\\/project\\\/music-camp-campamento-de-verano\\\/\",\"url\":\"https:\\\/\\\/www.musicaenaccion.com\\\/project\\\/music-camp-campamento-de-verano\\\/\",\"name\":\"\\\"MUSIC CAMP\\\" Campamento de verano | Museo Interactivo de la M\u00fasica\",\"isPartOf\":{\"@id\":\"https:\\\/\\\/www.musicaenaccion.com\\\/#website\"},\"primaryImageOfPage\":{\"@id\":\"https:\\\/\\\/www.musicaenaccion.com\\\/project\\\/music-camp-campamento-de-verano\\\/#primaryimage\"},\"image\":{\"@id\":\"https:\\\/\\\/www.musicaenaccion.com\\\/project\\\/music-camp-campamento-de-verano\\\/#primaryimage\"},\"thumbnailUrl\":\"https:\\\/\\\/www.musicaenaccion.com\\\/wp-content\\\/uploads\\\/2026\\\/02\\\/Music_camp_03.jpg\",\"datePublished\":\"2026-02-03T10:29:21+00:00\",\"dateModified\":\"2026-04-30T10:28:20+00:00\",\"breadcrumb\":{\"@id\":\"https:\\\/\\\/www.musicaenaccion.com\\\/project\\\/music-camp-campamento-de-verano\\\/#breadcrumb\"},\"inLanguage\":\"en-US\",\"potentialAction\":[{\"@type\":\"ReadAction\",\"target\":[\"https:\\\/\\\/www.musicaenaccion.com\\\/project\\\/music-camp-campamento-de-verano\\\/\"]}]},{\"@type\":\"ImageObject\",\"inLanguage\":\"en-US\",\"@id\":\"https:\\\/\\\/www.musicaenaccion.com\\\/project\\\/music-camp-campamento-de-verano\\\/#primaryimage\",\"url\":\"https:\\\/\\\/www.musicaenaccion.com\\\/wp-content\\\/uploads\\\/2026\\\/02\\\/Music_camp_03.jpg\",\"contentUrl\":\"https:\\\/\\\/www.musicaenaccion.com\\\/wp-content\\\/uploads\\\/2026\\\/02\\\/Music_camp_03.jpg\",\"width\":1028,\"height\":1083},{\"@type\":\"BreadcrumbList\",\"@id\":\"https:\\\/\\\/www.musicaenaccion.com\\\/project\\\/music-camp-campamento-de-verano\\\/#breadcrumb\",\"itemListElement\":[{\"@type\":\"ListItem\",\"position\":1,\"name\":\"Portada\",\"item\":\"https:\\\/\\\/www.musicaenaccion.com\\\/en\\\/\"},{\"@type\":\"ListItem\",\"position\":2,\"name\":\"Projects\",\"item\":\"https:\\\/\\\/www.musicaenaccion.com\\\/project\\\/\"},{\"@type\":\"ListItem\",\"position\":3,\"name\":\"\u00abMUSIC CAMP\u00bb Campamento de verano\"}]},{\"@type\":\"WebSite\",\"@id\":\"https:\\\/\\\/www.musicaenaccion.com\\\/#website\",\"url\":\"https:\\\/\\\/www.musicaenaccion.com\\\/\",\"name\":\"Museo Interactivo de la M\u00fasica\",\"description\":\"Se Ruega Tocar\",\"publisher\":{\"@id\":\"https:\\\/\\\/www.musicaenaccion.com\\\/#organization\"},\"potentialAction\":[{\"@type\":\"SearchAction\",\"target\":{\"@type\":\"EntryPoint\",\"urlTemplate\":\"https:\\\/\\\/www.musicaenaccion.com\\\/?s={search_term_string}\"},\"query-input\":{\"@type\":\"PropertyValueSpecification\",\"valueRequired\":true,\"valueName\":\"search_term_string\"}}],\"inLanguage\":\"en-US\"},{\"@type\":\"Organization\",\"@id\":\"https:\\\/\\\/www.musicaenaccion.com\\\/#organization\",\"name\":\"Museo Interactivo de la M\u00fasica M\u00e1laga\",\"url\":\"https:\\\/\\\/www.musicaenaccion.com\\\/\",\"logo\":{\"@type\":\"ImageObject\",\"inLanguage\":\"en-US\",\"@id\":\"https:\\\/\\\/www.musicaenaccion.com\\\/#\\\/schema\\\/logo\\\/image\\\/\",\"url\":\"https:\\\/\\\/www.musicaenaccion.com\\\/wp-content\\\/uploads\\\/2019\\\/01\\\/cabecera-blanco.jpg\",\"contentUrl\":\"https:\\\/\\\/www.musicaenaccion.com\\\/wp-content\\\/uploads\\\/2019\\\/01\\\/cabecera-blanco.jpg\",\"width\":1920,\"height\":1080,\"caption\":\"Museo Interactivo de la M\u00fasica M\u00e1laga\"},\"image\":{\"@id\":\"https:\\\/\\\/www.musicaenaccion.com\\\/#\\\/schema\\\/logo\\\/image\\\/\"},\"sameAs\":[\"https:\\\/\\\/www.facebook.com\\\/MuseoMIMMA\\\/?epa=SEARCH_BOX\",\"https:\\\/\\\/www.instagram.com\\\/mimmamuseo\\\/\",\"https:\\\/\\\/www.linkedin.com\\\/in\\\/museointeractivodelamusica\\\/\",\"https:\\\/\\\/www.pinterest.es\\\/mimmamuseo\\\/\",\"https:\\\/\\\/www.youtube.com\\\/user\\\/musicaenaccion\"]}]}<\/script>\n<!-- \/ Yoast SEO plugin. -->","yoast_head_json":{"title":"\"MUSIC CAMP\" Campamento de verano | Museo Interactivo de la M\u00fasica","robots":{"index":"noindex","follow":"follow"},"og_locale":"en_US","og_type":"article","og_title":"\"MUSIC CAMP\" Campamento de verano | Museo Interactivo de la M\u00fasica","og_url":"https:\/\/www.musicaenaccion.com\/project\/music-camp-campamento-de-verano\/","og_site_name":"Museo Interactivo de la M\u00fasica","article_publisher":"https:\/\/www.facebook.com\/MuseoMIMMA\/?epa=SEARCH_BOX","article_modified_time":"2026-04-30T10:28:20+00:00","og_image":[{"width":1028,"height":1083,"url":"https:\/\/www.musicaenaccion.com\/wp-content\/uploads\/2026\/02\/Music_camp_03.jpg","type":"image\/jpeg"}],"twitter_card":"summary_large_image","twitter_misc":{"Est. reading time":"4 minutes"},"schema":{"@context":"https:\/\/schema.org","@graph":[{"@type":"WebPage","@id":"https:\/\/www.musicaenaccion.com\/project\/music-camp-campamento-de-verano\/","url":"https:\/\/www.musicaenaccion.com\/project\/music-camp-campamento-de-verano\/","name":"\"MUSIC CAMP\" Campamento de verano | Museo Interactivo de la M\u00fasica","isPartOf":{"@id":"https:\/\/www.musicaenaccion.com\/#website"},"primaryImageOfPage":{"@id":"https:\/\/www.musicaenaccion.com\/project\/music-camp-campamento-de-verano\/#primaryimage"},"image":{"@id":"https:\/\/www.musicaenaccion.com\/project\/music-camp-campamento-de-verano\/#primaryimage"},"thumbnailUrl":"https:\/\/www.musicaenaccion.com\/wp-content\/uploads\/2026\/02\/Music_camp_03.jpg","datePublished":"2026-02-03T10:29:21+00:00","dateModified":"2026-04-30T10:28:20+00:00","breadcrumb":{"@id":"https:\/\/www.musicaenaccion.com\/project\/music-camp-campamento-de-verano\/#breadcrumb"},"inLanguage":"en-US","potentialAction":[{"@type":"ReadAction","target":["https:\/\/www.musicaenaccion.com\/project\/music-camp-campamento-de-verano\/"]}]},{"@type":"ImageObject","inLanguage":"en-US","@id":"https:\/\/www.musicaenaccion.com\/project\/music-camp-campamento-de-verano\/#primaryimage","url":"https:\/\/www.musicaenaccion.com\/wp-content\/uploads\/2026\/02\/Music_camp_03.jpg","contentUrl":"https:\/\/www.musicaenaccion.com\/wp-content\/uploads\/2026\/02\/Music_camp_03.jpg","width":1028,"height":1083},{"@type":"BreadcrumbList","@id":"https:\/\/www.musicaenaccion.com\/project\/music-camp-campamento-de-verano\/#breadcrumb","itemListElement":[{"@type":"ListItem","position":1,"name":"Portada","item":"https:\/\/www.musicaenaccion.com\/en\/"},{"@type":"ListItem","position":2,"name":"Projects","item":"https:\/\/www.musicaenaccion.com\/project\/"},{"@type":"ListItem","position":3,"name":"\u00abMUSIC CAMP\u00bb Campamento de verano"}]},{"@type":"WebSite","@id":"https:\/\/www.musicaenaccion.com\/#website","url":"https:\/\/www.musicaenaccion.com\/","name":"Museo Interactivo de la M\u00fasica","description":"Se Ruega Tocar","publisher":{"@id":"https:\/\/www.musicaenaccion.com\/#organization"},"potentialAction":[{"@type":"SearchAction","target":{"@type":"EntryPoint","urlTemplate":"https:\/\/www.musicaenaccion.com\/?s={search_term_string}"},"query-input":{"@type":"PropertyValueSpecification","valueRequired":true,"valueName":"search_term_string"}}],"inLanguage":"en-US"},{"@type":"Organization","@id":"https:\/\/www.musicaenaccion.com\/#organization","name":"Museo Interactivo de la M\u00fasica M\u00e1laga","url":"https:\/\/www.musicaenaccion.com\/","logo":{"@type":"ImageObject","inLanguage":"en-US","@id":"https:\/\/www.musicaenaccion.com\/#\/schema\/logo\/image\/","url":"https:\/\/www.musicaenaccion.com\/wp-content\/uploads\/2019\/01\/cabecera-blanco.jpg","contentUrl":"https:\/\/www.musicaenaccion.com\/wp-content\/uploads\/2019\/01\/cabecera-blanco.jpg","width":1920,"height":1080,"caption":"Museo Interactivo de la M\u00fasica M\u00e1laga"},"image":{"@id":"https:\/\/www.musicaenaccion.com\/#\/schema\/logo\/image\/"},"sameAs":["https:\/\/www.facebook.com\/MuseoMIMMA\/?epa=SEARCH_BOX","https:\/\/www.instagram.com\/mimmamuseo\/","https:\/\/www.linkedin.com\/in\/museointeractivodelamusica\/","https:\/\/www.pinterest.es\/mimmamuseo\/","https:\/\/www.youtube.com\/user\/musicaenaccion"]}]}},"_links":{"self":[{"href":"https:\/\/www.musicaenaccion.com\/en\/wp-json\/wp\/v2\/project\/26736","targetHints":{"allow":["GET"]}}],"collection":[{"href":"https:\/\/www.musicaenaccion.com\/en\/wp-json\/wp\/v2\/project"}],"about":[{"href":"https:\/\/www.musicaenaccion.com\/en\/wp-json\/wp\/v2\/types\/project"}],"author":[{"embeddable":true,"href":"https:\/\/www.musicaenaccion.com\/en\/wp-json\/wp\/v2\/users\/1"}],"replies":[{"embeddable":true,"href":"https:\/\/www.musicaenaccion.com\/en\/wp-json\/wp\/v2\/comments?post=26736"}],"version-history":[{"count":7,"href":"https:\/\/www.musicaenaccion.com\/en\/wp-json\/wp\/v2\/project\/26736\/revisions"}],"predecessor-version":[{"id":27128,"href":"https:\/\/www.musicaenaccion.com\/en\/wp-json\/wp\/v2\/project\/26736\/revisions\/27128"}],"wp:featuredmedia":[{"embeddable":true,"href":"https:\/\/www.musicaenaccion.com\/en\/wp-json\/wp\/v2\/media\/27111"}],"wp:attachment":[{"href":"https:\/\/www.musicaenaccion.com\/en\/wp-json\/wp\/v2\/media?parent=26736"}],"wp:term":[{"taxonomy":"pj-categs","embeddable":true,"href":"https:\/\/www.musicaenaccion.com\/en\/wp-json\/wp\/v2\/pj-categs?post=26736"},{"taxonomy":"pj-tags","embeddable":true,"href":"https:\/\/www.musicaenaccion.com\/en\/wp-json\/wp\/v2\/pj-tags?post=26736"}],"curies":[{"name":"wp","href":"https:\/\/api.w.org\/{rel}","templated":true}]}}